{"id":492,"date":"2022-11-19T17:31:02","date_gmt":"2022-11-19T16:31:02","guid":{"rendered":"https:\/\/tacethic.fr\/?page_id=492"},"modified":"2023-01-25T18:12:11","modified_gmt":"2023-01-25T17:12:11","slug":"protection-des-donnees","status":"publish","type":"page","link":"https:\/\/tacethic.fr\/?page_id=492","title":{"rendered":"Protection des donn\u00e9es"},"content":{"rendered":"\n<h4 class=\"has-text-align-left wp-block-heading\">Vos donn\u00e9es personnelles<\/h4>\n\n\n\n<p>Tac\u2019&amp;thic coaching et formation s\u2019engage \u00e0 ce que la collecte et le traitement de vos donn\u00e9es soient conformes au r\u00e8glement g\u00e9n\u00e9ral sur la protection des donn\u00e9es (RGPD) et \u00e0 la loi Informatique et Libert\u00e9s.<\/p>\n\n\n\n<p>Vous trouverez ci-dessous le d\u00e9tail de notre politique de protection des donn\u00e9es \u00e0 caract\u00e8re personnel.<\/p>\n\n\n\n<p>Cette politique peut \u00e9voluer, notamment pour tenir compte des \u00e9volutions l\u00e9gislatives et r\u00e8glementaires en la mati\u00e8re, c\u2019est pourquoi nous vous invitons lors de chacune de vos visites sur notre site \u00e0 prendre connaissance de sa derni\u00e8re version.<\/p>\n\n\n\n<h4 class=\"wp-block-heading\">1) Identit\u00e9 du responsable du traitement et destinataires des donn\u00e9es<\/h4>\n\n\n\n<p>Les donn\u00e9es personnelles sont collect\u00e9es et trait\u00e9es par Tac\u2019&amp;thic coaching et formation, 1A Rue du coin chaud \u2013 45380 La Chapelle St Mesmin (Pour en savoir plus, consulter les mentions l\u00e9gales).<br>Les donn\u00e9es collect\u00e9es sur le site Tac\u2019&amp;thic coaching et formation, par voie de formulaire ou dans le cadre des relations contractuelles, sont exclusivement destin\u00e9es \u00e0 Tac\u2019&amp;thic coaching et formation.<\/p>\n\n\n\n<h4 class=\"wp-block-heading\">2) Finalit\u00e9<\/h4>\n\n\n\n<p>Tac\u2019&amp;thic coaching et formation s\u2019engage \u00e0 ne collecter vos donn\u00e9es que pour la gestion des relations avec vous et le cas \u00e9ch\u00e9ant de vos commandes.<br>Gestion du suivi administratif et commercial<br>Les informations et donn\u00e9es personnelles trait\u00e9es vous concernant sont n\u00e9cessaires \u00e0 la gestion de du suivi administratif et commercial (de la prospection \u2013 dont analyse marketing \u2013 \u00e0 la facturation), et \u00e0 nos relations commerciales (gestion de votre compte client) et information sur l\u2019ensemble de nos prestations. Ces informations peuvent \u00e9galement \u00eatre conserv\u00e9es aux fins de preuve dans le respect des obligations l\u00e9gales et r\u00e9glementaires (garantie, litige, d\u00e9lais de conservation des factures, preuves de paiement correspondants, \u2026).<\/p>\n\n\n\n<h4 class=\"wp-block-heading\">3) Donn\u00e9es collect\u00e9es sur notre site<\/h4>\n\n\n\n<p>Nous collectons et traitons les donn\u00e9es suivantes :<\/p>\n\n\n\n<ul class=\"wp-block-list\">\n<li>Donn\u00e9es d\u2019identification (civilit\u00e9, nom, pr\u00e9nom, fonctions, adresse IP)<\/li>\n\n\n\n<li>Donn\u00e9es de contact (adresses (postale et \u00e9lectronique), num\u00e9ros de t\u00e9l\u00e9phone (lignes fixe et mobile))<\/li>\n\n\n\n<li>Donn\u00e9es de navigation (recherches, nombre de visites, pages visit\u00e9es, date de derni\u00e8re visite, etc)<\/li>\n<\/ul>\n\n\n\n<p>Vos donn\u00e9es peuvent \u00eatre collect\u00e9es et utilis\u00e9es \u00e0 des fins d\u2019inscription \u00e0 des lettres \u00e9lectroniques et \u00e0 des fins statistiques.<\/p>\n\n\n\n<h4 class=\"wp-block-heading\">4) Dur\u00e9e de conservation des donn\u00e9es<\/h4>\n\n\n\n<p>Nous ne conservons les donn\u00e9es vous concernant que pour des dur\u00e9es limit\u00e9es et en coh\u00e9rence avec la finalit\u00e9 du traitement concern\u00e9.<\/p>\n\n\n\n<h4 class=\"wp-block-heading\">5) Vos droits<\/h4>\n\n\n\n<p>Vous disposez d\u2019un droit d\u2019acc\u00e8s et de rectification vous permettant, le cas \u00e9ch\u00e9ant, de faire rectifier, compl\u00e9ter ou mettre \u00e0 jour vos donn\u00e9es \u00e0 caract\u00e8re personnel qui sont inexactes ou incompl\u00e8tes, ainsi que d\u2019un droit \u00e0 l\u2019effacement de vos donn\u00e9es personnelles ou \u00e0 une limitation du traitement.<br>Vous pouvez introduire une r\u00e9clamation aupr\u00e8s d\u2019une autorit\u00e9 de contr\u00f4le, si vous consid\u00e9rez que le traitement de donn\u00e9es \u00e0 caract\u00e8re personnel vous concernant effectu\u00e9 par Tac\u2019&amp;thic coaching et formation constitue une violation du RGPD.<\/p>\n\n\n\n<p><a href=\"https:\/\/www.cnil.fr\/fr\/reglement-europeen-protection-donnees\/chapitre2\" data-type=\"URL\" data-id=\"https:\/\/www.cnil.fr\/fr\/reglement-europeen-protection-donnees\/chapitre2\">Consulter l&rsquo;article 9 du r\u00e8glement g\u00e9n\u00e9ral sur la protection des donn\u00e9es (RGPD) : traitement portant sur des cat\u00e9gories particuli\u00e8res de donn\u00e9es \u00e0 caract\u00e8re personnel<\/a><\/p>\n\n\n\n<p id=\"matomo_opted_out_intro\" style=\"display:none;\">Opt-out complete; your visits to this website will not be recorded by the Web Analytics tool. Note that if you clear your cookies, delete the opt-out cookie, or if you change computers or Web browsers, you will need to perform the opt-out procedure again.<\/p><p id=\"matomo_opted_in_intro\" >You may choose to prevent this website from aggregating and analyzing the actions you take here. Doing so will protect your privacy, but will also prevent the owner from learning from your actions and creating a better experience for you and other users.<\/p><form>\n        <input type=\"checkbox\" id=\"matomo_optout_checkbox\" checked=\"checked\"\/>\n        <label for=\"matomo_optout_checkbox\"><strong>\n        <span id=\"matomo_opted_in_label\" >You are not opted out. Uncheck this box to opt-out.<\/span>\n\t\t<span id=\"matomo_opted_out_label\" style=\"display:none;\">You are currently opted out. Check this box to opt-in.<\/span>\n        <\/strong><\/label><\/form><noscript><p><strong style=\"color: #ff0000;\">This opt out feature requires JavaScript.<\/strong><\/p><\/noscript><p id=\"matomo_outout_err_cookies\" style=\"display: none;\"><strong>The tracking opt-out feature requires cookies to be enabled.<\/strong><\/p>\n","protected":false},"excerpt":{"rendered":"<p>Vos donn\u00e9es personnelles Tac\u2019&amp;thic coaching et formation s\u2019engage \u00e0 ce que la collecte et le traitement de vos donn\u00e9es soient conformes au r\u00e8glement g\u00e9n\u00e9ral sur la protection des donn\u00e9es (RGPD) et \u00e0 la loi Informatique et Libert\u00e9s. Vous trouverez ci-dessous le d\u00e9tail de notre politique de protection des donn\u00e9es \u00e0 caract\u00e8re personnel. Cette politique peut \u00e9voluer, notamment pour tenir compte des \u00e9volutions l\u00e9gislatives et r\u00e8glementaires en la mati\u00e8re, c\u2019est pourquoi nous vous invitons lors de chacune de vos visites sur notre site \u00e0 prendre connaissance de sa derni\u00e8re version. 1) Identit\u00e9 du responsable du traitement et destinataires des donn\u00e9es Les donn\u00e9es personnelles sont collect\u00e9es et trait\u00e9es par Tac\u2019&amp;thic coaching et formation, 1A Rue du coin chaud \u2013 45380 La Chapelle St Mesmin (Pour en savoir plus, consulter les mentions l\u00e9gales).Les donn\u00e9es collect\u00e9es sur le site Tac\u2019&amp;thic coaching et formation, par voie de formulaire ou dans le cadre des relations contractuelles, sont exclusivement destin\u00e9es \u00e0 Tac\u2019&amp;thic coaching et formation. 2) Finalit\u00e9 Tac\u2019&amp;thic coaching et formation s\u2019engage \u00e0 ne collecter vos donn\u00e9es que pour la gestion des relations avec vous et le cas \u00e9ch\u00e9ant de vos commandes.Gestion du suivi administratif et commercialLes informations et donn\u00e9es personnelles trait\u00e9es vous concernant sont n\u00e9cessaires \u00e0 la gestion de du suivi administratif et commercial (de la prospection \u2013 dont analyse marketing \u2013 \u00e0 la facturation), et \u00e0 nos relations commerciales (gestion de votre compte client) et information sur l\u2019ensemble de nos prestations. Ces informations peuvent \u00e9galement \u00eatre conserv\u00e9es aux fins de preuve dans le respect des obligations l\u00e9gales et r\u00e9glementaires (garantie, litige, d\u00e9lais de conservation des factures, preuves de paiement correspondants, \u2026). 3) Donn\u00e9es collect\u00e9es sur notre site Nous collectons et traitons les donn\u00e9es suivantes : Vos donn\u00e9es peuvent \u00eatre collect\u00e9es et utilis\u00e9es \u00e0 des fins d\u2019inscription \u00e0 des lettres \u00e9lectroniques et \u00e0 des fins statistiques. 4) Dur\u00e9e de conservation des donn\u00e9es Nous ne conservons les donn\u00e9es vous concernant que pour des dur\u00e9es limit\u00e9es et en coh\u00e9rence avec la finalit\u00e9 du traitement concern\u00e9. 5) Vos droits Vous disposez d\u2019un droit d\u2019acc\u00e8s et de rectification vous permettant, le cas \u00e9ch\u00e9ant, de faire rectifier, compl\u00e9ter ou mettre \u00e0 jour vos donn\u00e9es \u00e0 caract\u00e8re personnel qui sont inexactes ou incompl\u00e8tes, ainsi que d\u2019un droit \u00e0 l\u2019effacement de vos donn\u00e9es personnelles ou \u00e0 une limitation du traitement.Vous pouvez introduire une r\u00e9clamation aupr\u00e8s d\u2019une autorit\u00e9 de contr\u00f4le, si vous consid\u00e9rez que le traitement de donn\u00e9es \u00e0 caract\u00e8re personnel vous concernant effectu\u00e9 par Tac\u2019&amp;thic coaching et formation constitue une violation du RGPD. Consulter l&rsquo;article 9 du r\u00e8glement g\u00e9n\u00e9ral sur la protection des donn\u00e9es (RGPD) : traitement portant sur des cat\u00e9gories particuli\u00e8res de donn\u00e9es \u00e0 caract\u00e8re personnel<\/p>\n","protected":false},"author":1,"featured_media":0,"parent":0,"menu_order":0,"comment_status":"closed","ping_status":"closed","template":"","meta":{"_seopress_robots_primary_cat":"","_seopress_titles_title":"","_seopress_titles_desc":"","_seopress_robots_index":"","_glsr_average":0,"_glsr_ranking":0,"_glsr_reviews":0,"footnotes":""},"class_list":["post-492","page","type-page","status-publish","hentry"],"_links":{"self":[{"href":"https:\/\/tacethic.fr\/index.php?rest_route=\/wp\/v2\/pages\/492","targetHints":{"allow":["GET"]}}],"collection":[{"href":"https:\/\/tacethic.fr\/index.php?rest_route=\/wp\/v2\/pages"}],"about":[{"href":"https:\/\/tacethic.fr\/index.php?rest_route=\/wp\/v2\/types\/page"}],"author":[{"embeddable":true,"href":"https:\/\/tacethic.fr\/index.php?rest_route=\/wp\/v2\/users\/1"}],"replies":[{"embeddable":true,"href":"https:\/\/tacethic.fr\/index.php?rest_route=%2Fwp%2Fv2%2Fcomments&post=492"}],"version-history":[{"count":10,"href":"https:\/\/tacethic.fr\/index.php?rest_route=\/wp\/v2\/pages\/492\/revisions"}],"predecessor-version":[{"id":629,"href":"https:\/\/tacethic.fr\/index.php?rest_route=\/wp\/v2\/pages\/492\/revisions\/629"}],"wp:attachment":[{"href":"https:\/\/tacethic.fr\/index.php?rest_route=%2Fwp%2Fv2%2Fmedia&parent=492"}],"curies":[{"name":"wp","href":"https:\/\/api.w.org\/{rel}","templated":true}]}}