{"id":5,"date":"2022-03-23T20:55:47","date_gmt":"2022-03-23T19:55:47","guid":{"rendered":"https:\/\/tacethic.fr\/?page_id=5"},"modified":"2026-08-29T11:00:43","modified_gmt":"2026-08-29T09:00:43","slug":"accueil","status":"publish","type":"page","link":"https:\/\/tacethic.fr\/","title":{"rendered":"Accueil"},"content":{"rendered":"\n<figure class=\"wp-block-pullquote has-text-align-center has-black-color has-text-color has-medium-font-size\" style=\"border-style:none;border-width:0px;font-style:normal;font-weight:300\"><blockquote><p>Entre des mains attentives, une simple feuille de papier devient une grue capable de prendre son envol. C\u2019est ce m\u00eame regard que nous posons sur chaque organisation que nous accompagnons.<\/p><\/blockquote><\/figure>\n\n\n\n<div class=\"wp-block-media-text alignwide is-stacked-on-mobile is-vertically-aligned-top is-image-fill-element\"><figure class=\"wp-block-media-text__media\"><img alt=\"\" loading=\"lazy\" decoding=\"async\" width=\"1024\" height=\"575\" src=\"https:\/\/tacethic.fr\/wp-content\/uploads\/2026\/07\/IMG_5808-1024x575.jpg\" alt=\"\" class=\"wp-image-1012 size-full\" style=\"object-position:50% 50%\" srcset=\"https:\/\/tacethic.fr\/wp-content\/uploads\/2026\/07\/IMG_5808-1024x575.jpg 1024w, https:\/\/tacethic.fr\/wp-content\/uploads\/2026\/07\/IMG_5808-300x168.jpg 300w, https:\/\/tacethic.fr\/wp-content\/uploads\/2026\/07\/IMG_5808-768x431.jpg 768w, https:\/\/tacethic.fr\/wp-content\/uploads\/2026\/07\/IMG_5808-1536x862.jpg 1536w, https:\/\/tacethic.fr\/wp-content\/uploads\/2026\/07\/IMG_5808-2048x1150.jpg 2048w, https:\/\/tacethic.fr\/wp-content\/uploads\/2026\/07\/IMG_5808-1140x640.jpg 1140w\" sizes=\"auto, (max-width: 1024px) 100vw, 1024px\" \/><\/figure><div class=\"wp-block-media-text__content\">\n<h2 class=\"wp-block-heading has-text-align-left\" style=\"font-size:32px;font-style:normal;font-weight:300\">A propos&#8230;<\/h2>\n\n\n\n<p class=\"has-text-align-left wp-block-paragraph\">Avant d\u2019accompagner les organisations, nous les avons v\u00e9cues de l\u2019int\u00e9rieur.<\/p>\n\n\n\n<p class=\"has-text-align-left wp-block-paragraph\">18 ans de management en organisme de protection sociale, en lien direct avec la direction et avec les managers de proximit\u00e9, nous ont appris ce qu\u2019aucune formation ne peut enseigner : ce que vit r\u00e9ellement un manager face \u00e0 une \u00e9quipe en tension, un DRH face \u00e0 une situation qui d\u00e9borde, une direction face \u00e0 une transformation \u00e0 conduire.<br><br><strong>C\u2019est ce regard de terrain \u2014 pas seulement d\u2019expert externe \u2014 que nous mettons aujourd\u2019hui au service de votre organisation<\/strong> !<\/p>\n<\/div><\/div>\n\n\n\n<div style=\"height:30px\" aria-hidden=\"true\" class=\"wp-block-spacer\"><\/div>\n\n\n\n<h2 class=\"wp-block-heading has-text-align-center\" style=\"font-size:32px;font-style:normal;font-weight:300\">Nos savoir-faire<\/h2>\n\n\n\n<p class=\"has-text-align-center wp-block-paragraph\">Accompagner les transformations individuelles, collectives et organisationnelles au travers de missions compl\u00e9mentaires.<\/p>\n\n\n\n<div class=\"wp-block-columns alignwide is-layout-flex wp-container-core-columns-is-layout-8f761849 wp-block-columns-is-layout-flex\">\n<div class=\"wp-block-column has-text-color has-background has-link-color wp-elements-1 is-layout-flow wp-block-column-is-layout-flow\" style=\"color:#000000;background-color:#fdf9e2;padding-top:2em;padding-right:2em;padding-bottom:2em;padding-left:2em\">\n<h2 class=\"wp-block-heading has-text-align-center\" id=\"single\" style=\"font-size:32px;font-style:normal;font-weight:300\">Vous dirigez une PME<\/h2>\n\n\n\n<hr class=\"wp-block-separator has-css-opacity is-style-wide\"\/>\n\n\n\n<p class=\"wp-block-paragraph\">Nous savons, pour l\u2019avoir v\u00e9cu, que les enjeux humains reposent souvent sur vos seules \u00e9paules, sans \u00e9quipe RH d\u00e9di\u00e9e pour vous assister au quotidien.<br><br>Nous vous accompagnons avec pragmatisme et sur mesure, pour pr\u00e9venir les tensions avant qu\u2019elles ne s\u2019installent, faire grandir vos \u00e9quipes et traverser vos transformations sereinement.<\/p>\n\n\n\n<div class=\"wp-block-buttons is-content-justification-center is-layout-flex wp-container-core-buttons-is-layout-fe48e5de wp-block-buttons-is-layout-flex\">\n<div class=\"wp-block-button is-style-outline is-style-outline--1\"><a class=\"wp-block-button__link wp-element-button\" href=\"https:\/\/tacethic.fr\/?page_id=345\">D\u00e9couvrir nos accompagnements<\/a><\/div>\n<\/div>\n<\/div>\n\n\n\n<div class=\"wp-block-column has-text-color has-background has-link-color wp-elements-2 is-layout-flow wp-block-column-is-layout-flow\" style=\"color:#000000;background-color:#f5f5ff;padding-top:2em;padding-right:2em;padding-bottom:2em;padding-left:2em\">\n<h2 class=\"wp-block-heading has-text-align-center\" id=\"family\" style=\"font-size:33px;font-style:normal;font-weight:300\">Vous \u00eates DRH ou responsable RH<\/h2>\n\n\n\n<hr class=\"wp-block-separator has-css-opacity is-style-wide\"\/>\n\n\n\n<p class=\"wp-block-paragraph\">Nous avons \u00e9t\u00e9 en lien direct avec la direction et avec les managers de proximit\u00e9. <br><br>Celle o\u00f9 l\u2019on doit arbitrer entre l\u2019urgence d\u2019agir et l\u2019exigence de rigueur. Face \u00e0 une situation sensible ou une obligation de pr\u00e9vention \u00e0 honorer, nous intervenons avec cette double lecture : rigueur m\u00e9thodologique et compr\u00e9hension du terrain.<br>Diagnostics RPS, enqu\u00eates internes, formation de vos r\u00e9f\u00e9rents sant\u00e9 au travail : un cadre clair et une confidentialit\u00e9 garantie, \u00e0 chaque \u00e9tape.<\/p>\n\n\n\n<div class=\"wp-block-buttons is-content-justification-center is-layout-flex wp-container-core-buttons-is-layout-fb0dd413 wp-block-buttons-is-layout-flex\">\n<div class=\"wp-block-button is-style-outline is-style-outline--2\"><a class=\"wp-block-button__link wp-element-button\" href=\"https:\/\/tacethic.fr\/?page_id=858\">D\u00e9couvrir notre m\u00e9thodologie<\/a><\/div>\n<\/div>\n<\/div>\n<\/div>\n\n\n\n<div class=\"wp-block-columns alignwide is-layout-flex wp-container-core-columns-is-layout-8f761849 wp-block-columns-is-layout-flex\">\n<div class=\"wp-block-column has-text-color has-background has-link-color wp-elements-3 is-layout-flow wp-block-column-is-layout-flow\" style=\"color:#000000;background-color:#f0fded;padding-top:2em;padding-right:2em;padding-bottom:2em;padding-left:2em\">\n<h2 class=\"wp-block-heading has-text-align-center\" id=\"single\" style=\"font-size:32px;font-style:normal;font-weight:300\">Vous \u00eates \u00e9lu CSE ou membre de la CSSCT<\/h2>\n\n\n\n<hr class=\"wp-block-separator has-css-opacity is-style-wide\"\/>\n\n\n\n<p class=\"wp-block-paragraph\">Nous savons, pour l\u2019avoir v\u00e9cu de l&rsquo;int\u00e9rieur, combien le dialogue entre \u00e9lus, RH et direction est d\u00e9terminant pour la qualit\u00e9 de vie au travail. <\/p>\n\n\n\n<p class=\"wp-block-paragraph\">Nous vous associons \u00e0 nos d\u00e9marches de pr\u00e9vention et \u00e0 nos enqu\u00eates RPS, dans un cadre clair et une posture d&rsquo;ind\u00e9pendance qui s\u00e9curise chaque partie. <\/p>\n\n\n\n<p class=\"wp-block-paragraph\">Un partenariat construit ensemble, au service d&rsquo;un m\u00eame objectif : des \u00e9quipes qui vont bien.<\/p>\n\n\n\n<div class=\"wp-block-buttons is-content-justification-center is-layout-flex wp-container-core-buttons-is-layout-fe48e5de wp-block-buttons-is-layout-flex\">\n<div class=\"wp-block-button is-style-outline is-style-outline--3\"><a class=\"wp-block-button__link wp-element-button\" href=\"https:\/\/tacethic.fr\/?page_id=1169\">D\u00e9couvrir nos accompagnements<\/a><\/div>\n<\/div>\n<\/div>\n\n\n\n<div class=\"wp-block-column has-text-color has-background has-link-color wp-elements-4 is-layout-flow wp-block-column-is-layout-flow\" style=\"color:#000000;background-color:#fbe1e8;padding-top:2em;padding-right:2em;padding-bottom:2em;padding-left:2em\">\n<h2 class=\"wp-block-heading has-text-align-center\" style=\"font-size:33px;font-style:normal;font-weight:300\">Vous repr\u00e9sentez un organisme de S\u00e9curit\u00e9 sociale ou de protection sociale<\/h2>\n\n\n\n<hr class=\"wp-block-separator has-alpha-channel-opacity is-style-wide\"\/>\n\n\n\n<p class=\"wp-block-paragraph\">Nous connaissons vos contraintes de l\u2019int\u00e9rieur, pour y avoir manag\u00e9 pendant 18 ans, en lien direct avec la direction et avec les managers de proximit\u00e9.<br><br>Nous mettons cette connaissance du terrain au service de vos obligations de pr\u00e9vention et de vos situations sensibles, avec la m\u00eame exigence que dans le reste du secteur priv\u00e9.<\/p>\n\n\n\n<div class=\"wp-block-buttons is-content-justification-center is-layout-flex wp-container-core-buttons-is-layout-fb0dd413 wp-block-buttons-is-layout-flex\">\n<div class=\"wp-block-button is-style-outline is-style-outline--4\"><a class=\"wp-block-button__link wp-element-button\" href=\"https:\/\/tacethic.fr\/?page_id=291\">D\u00e9couvrir notre parcours<\/a><\/div>\n<\/div>\n<\/div>\n<\/div>\n\n\n\n<div style=\"height:20px\" aria-hidden=\"true\" class=\"wp-block-spacer\"><\/div>\n\n\n\n<div class=\"wp-block-buttons is-horizontal is-content-justification-center is-layout-flex wp-container-core-buttons-is-layout-7d812b4c wp-block-buttons-is-layout-flex\">\n<div style=\"--wp--block-button--width: 50;\" class=\"wp-block-button has-custom-width wp-block-button__width wp-block-button__width-50\"><a class=\"wp-block-button__link has-text-color has-background wp-element-button\" href=\"https:\/\/tacethic.fr\/?page_id=218\" style=\"border-radius:50px;color:#ffffff;background-color:#000000\">Nous contacter<\/a><\/div>\n<\/div>\n\n\n\n<div style=\"height:20px\" aria-hidden=\"true\" class=\"wp-block-spacer\"><\/div>\n\n\n\n<h2 class=\"wp-block-heading has-text-align-center\" style=\"font-size:32px;font-style:normal;font-weight:300\">Ils nous ont fait confiance<\/h2>\n\n\n<div class=\"glsr glsr-default\" id=\"glsr_467580bc\" data-from=\"block\" data-shortcode=\"site_reviews\" data-display=\"2\" data-hide=\"date\"><div class=\"glsr-reviews-wrap\">\n    <div class=\"glsr-reviews\">\n        <div class=\"glsr-review\" data-type=\"local\" id=\"review-1211\" data-assigned='[]'>\n    <div class=\"glsr-review-title\"><h4 class=\"glsr-tag-value\">L\u2019expertise de C\u00e9cile Belin allie th\u00e9orie et pratique.<\/h4><\/div>\n    <div class=\"glsr-review-rating\"><div class=\"glsr-star-rating glsr-stars\" role=\"img\" aria-label=\"Rated 5 out of 5 stars\" data-rating=\"5\" data-reviews=\"0\"><span class=\"glsr-star glsr-star-full\" aria-hidden=\"true\"><\/span><span class=\"glsr-star glsr-star-full\" aria-hidden=\"true\"><\/span><span class=\"glsr-star glsr-star-full\" aria-hidden=\"true\"><\/span><span class=\"glsr-star glsr-star-full\" aria-hidden=\"true\"><\/span><span class=\"glsr-star glsr-star-full\" aria-hidden=\"true\"><\/span><\/div><\/div> \n    \n    <div class=\"glsr-review-content\"><div class=\"glsr-tag-value\" data-expanded=\"false\"><p>En qualit\u00e9 de DRH, je tiens \u00e0 saluer la pertinence des apports de C\u00e9cile Belin au sein de notre entreprise.<\/p>\n<p class=\"glsr-hidden-text\" data-show-less=\"Afficher moins\" data-show-more=\"Afficher plus\" data-trigger=\"expand\">La formation du collectif manag\u00e9rial \u00ab\u00a0Dynamiser, pour embarquer, animer le collectif\u00a0\u00bb a soutenu le mouvement engag\u00e9 depuis plusieurs ann\u00e9es. Elle a permis \u00e0 nos \u00e9quipes de mieux appr\u00e9hender les enjeux du changement et d\u2019adopter des p<span class=\"glsr-hidden\">ostures plus agiles.<\/span><\/p>\n<p class=\"glsr-hidden\">La m\u00e9diation au sein d\u2019un collectif de service a permis de r\u00e9-engager les collaborateurs, gr\u00e2ce \u00e0 des outils concrets ayant permis de d\u00e9samorcer les conflits et renforcer la coh\u00e9sion.<\/p>\n<p class=\"glsr-hidden\">Le s\u00e9minaire \u00ab\u00a0Managers : \u00e9coutez vos signaux pour \u00e9viter l&#8217;\u00e9puisement\u00a0\u00bb a \u00e9t\u00e9 l\u2019occasion d\u2019approcher diff\u00e9remment la qualit\u00e9 de vie au travail, en sensibilisant l\u2019ensemble des managers \u00e0 la n\u00e9cessit\u00e9 de mieux se conna\u00eetre pour mieux se pr\u00e9server soi-m\u00eame et pouvoir assurer leur r\u00f4le cl\u00e9 dans la pr\u00e9vention des risques psycho-sociaux.<\/p>\n<p class=\"glsr-hidden\">L\u2019expertise de C\u00e9cile Belin allie th\u00e9orie et pratique. Clart\u00e9, pertinence et bienveillance caract\u00e9risent son accompagnement.<\/p>\n<p class=\"glsr-hidden\">Son \u00e9coute active et son adaptabilit\u00e9 aux sp\u00e9cificit\u00e9s de notre organisation ont \u00e9t\u00e9 des atouts majeurs pour la r\u00e9ussite de ces formations.<\/p>\n<p class=\"glsr-hidden\">Je recommande vivement son intervention \u00e0 toute entreprise souhaitant engager une d\u00e9marche de progr\u00e8s humain et managerial.<\/p><\/div><\/div>\n    <div class=\"glsr-review-avatar\"><img decoding=\"async\" style=\"width:40px; height:40px;\" alt=\"Avatar de Mariane SCUDIER, DRH MSA BCL\" height=\"80\" loading=\"lazy\" src=\"https:\/\/secure.gravatar.com\/avatar\/?s=80&amp;d=mm&amp;r=g\" width=\"80\" \/><\/div> <div class=\"glsr-review-author\"><span class=\"glsr-tag-value\">Mariane SCUDIER, DRH MSA BCL<\/span><\/div> \n    \n<\/div>\n<div class=\"glsr-review\" data-type=\"local\" id=\"review-1199\" data-assigned='[]'>\n    <div class=\"glsr-review-title\"><h4 class=\"glsr-tag-value\">La solidit\u00e9 de l\u2019\u00e9quipe a \u00e9t\u00e9 durablement install\u00e9e<\/h4><\/div>\n    <div class=\"glsr-review-rating\"><div class=\"glsr-star-rating glsr-stars\" role=\"img\" aria-label=\"Rated 5 out of 5 stars\" data-rating=\"5\" data-reviews=\"0\"><span class=\"glsr-star glsr-star-full\" aria-hidden=\"true\"><\/span><span class=\"glsr-star glsr-star-full\" aria-hidden=\"true\"><\/span><span class=\"glsr-star glsr-star-full\" aria-hidden=\"true\"><\/span><span class=\"glsr-star glsr-star-full\" aria-hidden=\"true\"><\/span><span class=\"glsr-star glsr-star-full\" aria-hidden=\"true\"><\/span><\/div><\/div> \n    \n    <div class=\"glsr-review-content\"><div class=\"glsr-tag-value\" data-expanded=\"false\"><p>Pour accompagner au changement une \u00e9quipe de la MSA Armorique en 2024, nous avions choisi C\u00e9cile Belin, en raison \u00e0 la fois de sa grande connaissance des organismes de s\u00e9curit\u00e9 sociale et \u00e9galement de ses comp\u00e9tences vari\u00e9es de coaching, m\u00e9diation et formation.<\/p>\n<p class=\"glsr-hidden-text\" data-show-less=\"Afficher moins\" data-show-more=\"Afficher plus\" data-trigger=\"expand\">Ayant d\u00e9j\u00e0 travaill\u00e9 avec C\u00e9cile dans mes pr\u00e9c\u00e9dentes fonctions, j\u2019avais appr\u00e9ci\u00e9 son sens d<span class=\"glsr-hidden\">e l\u2019\u00e9coute, sa capacit\u00e9 \u00e0 instaurer la confiance et \u00e0 faire rapidement progresser les personnes accompagn\u00e9es.<\/span><\/p>\n<p class=\"glsr-hidden\">Le r\u00e9sultat du travail engag\u00e9 avec l\u2019\u00e9quipe MSA a \u00e9t\u00e9 tr\u00e8s concluant. Ses comp\u00e9tences ont \u00e9t\u00e9 unanimement appr\u00e9ci\u00e9es et la solidit\u00e9 de l\u2019\u00e9quipe a \u00e9t\u00e9 durablement install\u00e9e.<\/p><\/div><\/div>\n    <div class=\"glsr-review-avatar\"><img decoding=\"async\" style=\"width:40px; height:40px;\" alt=\"Avatar de Isabelle Breon-Fillet - Directrice comptable, financi\u00e8re et recouvrement - MSA Armorique et Mayotte\" height=\"80\" loading=\"lazy\" src=\"https:\/\/secure.gravatar.com\/avatar\/?s=80&amp;d=mm&amp;r=g\" width=\"80\" \/><\/div> <div class=\"glsr-review-author\"><span class=\"glsr-tag-value\">Isabelle Breon-Fillet &#8211; Directrice comptable, financi\u00e8re et recouvrement &#8211; MSA Armorique et Mayotte<\/span><\/div> \n    \n<\/div>\n    <\/div>\n    \n<\/div><\/div>\n\n\n<div style=\"height:20px\" aria-hidden=\"true\" class=\"wp-block-spacer\"><\/div>\n\n\n\n<div class=\"wp-block-buttons is-horizontal is-content-justification-center is-nowrap is-layout-flex wp-container-core-buttons-is-layout-60eede3f wp-block-buttons-is-layout-flex\">\n<div style=\"--wp--block-button--width: 50;\" class=\"wp-block-button has-custom-width wp-block-button__width wp-block-button__width-50\"><a class=\"wp-block-button__link has-text-color has-background wp-element-button\" href=\"https:\/\/tacethic.fr\/?page_id=274\" style=\"border-radius:50px;color:#ffffff;background-color:#000000\">Tous les avis<\/a><\/div>\n<\/div>\n","protected":false},"excerpt":{"rendered":"<p>Entre des mains attentives, une simple feuille de papier devient une grue capable de prendre son envol. C\u2019est ce m\u00eame regard que nous posons sur chaque organisation que nous accompagnons. A propos&#8230; Avant d\u2019accompagner les organisations, nous les avons v\u00e9cues de l\u2019int\u00e9rieur. 18 ans de management en organisme de protection sociale, en lien direct avec la direction et avec les managers de proximit\u00e9, nous ont appris ce qu\u2019aucune formation ne peut enseigner : ce que vit r\u00e9ellement un manager face \u00e0 une \u00e9quipe en tension, un DRH face \u00e0 une situation qui d\u00e9borde, une direction face \u00e0 une transformation \u00e0 conduire. C\u2019est ce regard de terrain \u2014 pas seulement d\u2019expert externe \u2014 que nous mettons aujourd\u2019hui au service de votre organisation ! Nos savoir-faire Accompagner les transformations individuelles, collectives et organisationnelles au travers de missions compl\u00e9mentaires. Vous dirigez une PME Nous savons, pour l\u2019avoir v\u00e9cu, que les enjeux humains reposent souvent sur vos seules \u00e9paules, sans \u00e9quipe RH d\u00e9di\u00e9e pour vous assister au quotidien. Nous vous accompagnons avec pragmatisme et sur mesure, pour pr\u00e9venir les tensions avant qu\u2019elles ne s\u2019installent, faire grandir vos \u00e9quipes et traverser vos transformations sereinement. Vous \u00eates DRH ou responsable RH Nous avons \u00e9t\u00e9 en lien direct avec la direction et avec les managers de proximit\u00e9. Celle o\u00f9 l\u2019on doit arbitrer entre l\u2019urgence d\u2019agir et l\u2019exigence de rigueur. Face \u00e0 une situation sensible ou une obligation de pr\u00e9vention \u00e0 honorer, nous intervenons avec cette double lecture : rigueur m\u00e9thodologique et compr\u00e9hension du terrain.Diagnostics RPS, enqu\u00eates internes, formation de vos r\u00e9f\u00e9rents sant\u00e9 au travail : un cadre clair et une confidentialit\u00e9 garantie, \u00e0 chaque \u00e9tape. Vous \u00eates \u00e9lu CSE ou membre de la CSSCT Nous savons, pour l\u2019avoir v\u00e9cu de l&rsquo;int\u00e9rieur, combien le dialogue entre \u00e9lus, RH et direction est d\u00e9terminant pour la qualit\u00e9 de vie au travail. Nous vous associons \u00e0 nos d\u00e9marches de pr\u00e9vention et \u00e0 nos enqu\u00eates RPS, dans un cadre clair et une posture d&rsquo;ind\u00e9pendance qui s\u00e9curise chaque partie. Un partenariat construit ensemble, au service d&rsquo;un m\u00eame objectif : des \u00e9quipes qui vont bien. Vous repr\u00e9sentez un organisme de S\u00e9curit\u00e9 sociale ou de protection sociale Nous connaissons vos contraintes de l\u2019int\u00e9rieur, pour y avoir manag\u00e9 pendant 18 ans, en lien direct avec la direction et avec les managers de proximit\u00e9. Nous mettons cette connaissance du terrain au service de vos obligations de pr\u00e9vention et de vos situations sensibles, avec la m\u00eame exigence que dans le reste du secteur priv\u00e9. Ils nous ont fait confiance<\/p>\n","protected":false},"author":1,"featured_media":0,"parent":0,"menu_order":1,"comment_status":"closed","ping_status":"closed","template":"","meta":{"_seopress_titles_title":"","_seopress_titles_desc":"","_seopress_robots_index":"","_seopress_robots_follow":"","_seopress_robots_imageindex":"","_seopress_robots_snippet":"","_seopress_robots_primary_cat":"","_seopress_robots_breadcrumbs":"","_seopress_robots_freeze_modified_date":"","_seopress_robots_custom_modified_date":"","_seopress_robots_canonical":"","_seopress_social_fb_title":"","_seopress_social_fb_desc":"","_seopress_social_fb_img":"","_seopress_social_fb_img_attachment_id":0,"_seopress_social_fb_img_width":0,"_seopress_social_fb_img_height":0,"_seopress_social_twitter_title":"","_seopress_social_twitter_desc":"","_seopress_social_twitter_img":"","_seopress_social_twitter_img_attachment_id":0,"_seopress_social_twitter_img_width":0,"_seopress_social_twitter_img_height":0,"_seopress_redirections_value":"","_seopress_redirections_enabled":"","_seopress_redirections_enabled_regex":"","_seopress_redirections_logged_status":"both","_seopress_redirections_param":"","_seopress_redirections_type":301,"_seopress_analysis_target_kw":"","_glsr_average":0,"_glsr_ranking":0,"_glsr_reviews":0,"footnotes":""},"class_list":["post-5","page","type-page","status-publish","hentry"],"_links":{"self":[{"href":"https:\/\/tacethic.fr\/index.php?rest_route=\/wp\/v2\/pages\/5","targetHints":{"allow":["GET"]}}],"collection":[{"href":"https:\/\/tacethic.fr\/index.php?rest_route=\/wp\/v2\/pages"}],"about":[{"href":"https:\/\/tacethic.fr\/index.php?rest_route=\/wp\/v2\/types\/page"}],"author":[{"embeddable":true,"href":"https:\/\/tacethic.fr\/index.php?rest_route=\/wp\/v2\/users\/1"}],"replies":[{"embeddable":true,"href":"https:\/\/tacethic.fr\/index.php?rest_route=%2Fwp%2Fv2%2Fcomments&post=5"}],"version-history":[{"count":183,"href":"https:\/\/tacethic.fr\/index.php?rest_route=\/wp\/v2\/pages\/5\/revisions"}],"predecessor-version":[{"id":1213,"href":"https:\/\/tacethic.fr\/index.php?rest_route=\/wp\/v2\/pages\/5\/revisions\/1213"}],"wp:attachment":[{"href":"https:\/\/tacethic.fr\/index.php?rest_route=%2Fwp%2Fv2%2Fmedia&parent=5"}],"curies":[{"name":"wp","href":"https:\/\/api.w.org\/{rel}","templated":true}]}}